{"id":85,"date":"2020-11-02T16:07:04","date_gmt":"2020-11-02T16:07:04","guid":{"rendered":"https:\/\/kz-gedenkstaette-hailfingen-tailfingen.de\/index.php\/colibri-wp\/"},"modified":"2026-03-03T23:08:47","modified_gmt":"2026-03-03T23:08:47","slug":"colibri-wp","status":"publish","type":"page","link":"https:\/\/kz-gedenkstaette-hailfingen-tailfingen.de\/","title":{"rendered":"STARTSEITE"},"content":{"rendered":"<div data-colibri-id=\"85-c1\" class=\"style-190 style-local-85-c1 position-relative\">\n  <!---->\n  <div data-colibri-component=\"section\" data-colibri-id=\"85-c2\" id=\"overlappable\" class=\"h-section h-section-global-spacing d-flex align-items-lg-center align-items-md-center align-items-center style-191 style-local-85-c2 position-relative\">\n    <!---->\n    <!---->\n    <div class=\"h-section-grid-container h-section-boxed-container\">\n      <!---->\n      <div data-colibri-id=\"85-c3\" class=\"h-row-container gutters-row-lg-0 gutters-row-md-0 gutters-row-2 gutters-row-v-lg-0 gutters-row-v-md-0 gutters-row-v-2 style-192 style-local-85-c3 position-relative\">\n        <!---->\n        <div class=\"h-row justify-content-lg-center justify-content-md-center justify-content-center align-items-lg-stretch align-items-md-stretch align-items-stretch gutters-col-lg-0 gutters-col-md-0 gutters-col-2 gutters-col-v-lg-0 gutters-col-v-md-0 gutters-col-v-2\">\n          <!---->\n          <div class=\"h-column h-column-container d-flex h-col-lg-3 h-col-md-3 h-col-12 style-193-outer style-local-85-c4-outer\">\n            <div data-colibri-id=\"85-c4\" class=\"d-flex h-flex-basis h-column__inner h-px-lg-3 h-px-md-3 h-px-2 v-inner-lg-3 v-inner-md-3 v-inner-2 style-193 style-local-85-c4 position-relative\">\n              <!---->\n              <!---->\n              <div class=\"w-100 h-y-container h-column__content h-column__v-align flex-basis-100 align-self-lg-center align-self-md-center align-self-center\">\n                <!---->\n                <div data-colibri-id=\"85-c5\" class=\"h-global-transition-all h-heading style-195 style-local-85-c5 position-relative h-element\">\n                  <!---->\n                  <div class=\"h-heading__outer style-195 style-local-85-c5\">\n                    <!---->\n                    <!---->\n                    <a href=\"https:\/\/kz-gedenkstaette-hailfingen-tailfingen.de\/index.php\/orte-der-erinnerung\/\" h-use-smooth-scroll=\"true\">\n                      <h5 class=\"\">ORTE DER ERINNERUNG&nbsp;\n                        <br>\n                      <\/h5>\n                    <\/a>\n                  <\/div>\n                <\/div>\n                <div data-colibri-id=\"85-c6\" class=\"h-text h-text-component style-196 style-local-85-c6 position-relative h-element\">\n                  <!---->\n                  <!---->\n                  <div class=\"\">\n                    <p>Mahnmal, Denk-Pfeiler, Skulpturenpfad, Friedhof &#8230;<\/p>\n                  <\/div>\n                <\/div>\n              <\/div>\n            <\/div>\n          <\/div>\n          <div class=\"h-column h-column-container d-flex h-col-lg-3 h-col-md-3 h-col-12 style-193-outer style-local-85-c7-outer\">\n            <div data-colibri-id=\"85-c7\" class=\"d-flex h-flex-basis h-column__inner h-px-lg-3 h-px-md-3 h-px-2 v-inner-lg-3 v-inner-md-3 v-inner-2 style-193 style-local-85-c7 position-relative\">\n              <!---->\n              <!---->\n              <div class=\"w-100 h-y-container h-column__content h-column__v-align flex-basis-100 align-self-lg-center align-self-md-center align-self-center\">\n                <!---->\n                <div data-colibri-id=\"85-c8\" class=\"h-global-transition-all h-heading style-195 style-local-85-c8 position-relative h-element\">\n                  <!---->\n                  <div class=\"h-heading__outer style-195 style-local-85-c8\">\n                    <!---->\n                    <!---->\n                    <a href=\"https:\/\/kz-gedenkstaette-hailfingen-tailfingen.de\/index.php\/dokumentationszentrum\" h-use-smooth-scroll=\"true\">\n                      <h5 class=\"\">DOKUMENTATIONS-ZENTRUM<\/h5>\n                    <\/a>\n                  <\/div>\n                <\/div>\n                <div data-colibri-id=\"85-c9\" class=\"h-text h-text-component style-196 style-local-85-c9 position-relative h-element\">\n                  <!---->\n                  <!---->\n                  <div class=\"\">\n                    <p>Ort der Information \u2013\n                      <br>Dokuraum und Seminarraum<\/p>\n                  <\/div>\n                <\/div>\n              <\/div>\n            <\/div>\n          <\/div>\n          <div class=\"h-column h-column-container d-flex h-col-lg-3 h-col-md-3 h-col-12 style-193-outer style-local-85-c10-outer\">\n            <div data-colibri-id=\"85-c10\" class=\"d-flex h-flex-basis h-column__inner h-px-lg-3 h-px-md-3 h-px-2 v-inner-lg-3 v-inner-md-3 v-inner-2 style-193 style-local-85-c10 position-relative\">\n              <!---->\n              <!---->\n              <div class=\"w-100 h-y-container h-column__content h-column__v-align flex-basis-100 align-self-lg-center align-self-md-center align-self-center\">\n                <!---->\n                <div data-colibri-id=\"85-c11\" class=\"h-global-transition-all h-heading style-195 style-local-85-c11 position-relative h-element\">\n                  <!---->\n                  <div class=\"h-heading__outer style-195 style-local-85-c11\">\n                    <!---->\n                    <!---->\n                    <a href=\"https:\/\/kz-gedenkstaette-hailfingen-tailfingen.de\/index.php\/jugend-erinnert\/\" h-use-smooth-scroll=\"true\">\n                      <h5 class=\"\">JUGEND ERINNERT<\/h5>\n                    <\/a>\n                  <\/div>\n                <\/div>\n                <div data-colibri-id=\"85-c12\" class=\"h-text h-text-component style-196 style-local-85-c12 position-relative h-element\">\n                  <!---->\n                  <!---->\n                  <div class=\"\">\n                    <p>F\u00fcr eine humane Zukunft<\/p>\n                  <\/div>\n                <\/div>\n              <\/div>\n            <\/div>\n          <\/div>\n          <div class=\"h-column h-column-container d-flex h-col-lg-3 h-col-md-3 h-col-12 style-197-outer style-local-85-c13-outer\">\n            <div data-colibri-id=\"85-c13\" class=\"d-flex h-flex-basis h-column__inner h-px-lg-3 h-px-md-3 h-px-2 v-inner-lg-3 v-inner-md-3 v-inner-2 style-197 style-local-85-c13 position-relative\">\n              <!---->\n              <!---->\n              <div class=\"w-100 h-y-container h-column__content h-column__v-align flex-basis-100 align-self-lg-center align-self-md-center align-self-center\">\n                <!---->\n                <div data-colibri-id=\"85-c14\" class=\"h-global-transition-all h-heading style-195 style-local-85-c14 position-relative h-element\">\n                  <!---->\n                  <div class=\"h-heading__outer style-195 style-local-85-c14\">\n                    <!---->\n                    <!---->\n                    <a href=\"https:\/\/kz-gedenkstaette-hailfingen-tailfingen.de\/index.php\/jeder-mensch-hat-einen-namen\/\" h-use-smooth-scroll=\"true\">\n                      <h5 class=\"\">JEDER MENSCH HAT EINEN NAMEN<\/h5>\n                    <\/a>\n                  <\/div>\n                <\/div>\n                <div data-colibri-id=\"85-c15\" class=\"h-text h-text-component style-196 style-local-85-c15 position-relative h-element\">\n                  <!---->\n                  <!---->\n                  <div class=\"\">\n                    <p>H\u00e4ftlinge \u2013 Biografien, Dokumente, Begegnungen<\/p>\n                  <\/div>\n                <\/div>\n              <\/div>\n            <\/div>\n          <\/div>\n        <\/div>\n      <\/div>\n    <\/div>\n  <\/div>\n  <div data-colibri-component=\"section\" data-colibri-id=\"85-c16\" id=\"custom\" class=\"h-section h-section-global-spacing d-flex align-items-lg-center align-items-md-center align-items-center style-302 style-local-85-c16 position-relative\">\n    <!---->\n    <!---->\n    <div class=\"h-section-grid-container h-section-boxed-container\">\n      <div data-colibri-id=\"85-c33\" class=\"h-row-container gutters-row-lg-1 gutters-row-md-1 gutters-row-0 gutters-row-v-lg-1 gutters-row-v-md-1 gutters-row-v-1 style-345 style-local-85-c33 position-relative\">\n        <!---->\n        <div class=\"h-row justify-content-lg-center justify-content-md-center justify-content-center align-items-lg-stretch align-items-md-stretch align-items-stretch gutters-col-lg-1 gutters-col-md-1 gutters-col-0 gutters-col-v-lg-1 gutters-col-v-md-1 gutters-col-v-1\">\n          <!---->\n          <div class=\"h-column h-column-container d-flex h-col-lg-auto h-col-md-auto h-col-auto style-346-outer style-local-85-c34-outer\">\n            <div data-colibri-id=\"85-c34\" class=\"d-flex h-flex-basis h-column__inner h-px-lg-2 h-px-md-2 h-px-2 v-inner-lg-2 v-inner-md-2 v-inner-2 style-346 style-local-85-c34 position-relative\">\n              <!---->\n              <!---->\n              <div class=\"w-100 h-y-container h-column__content h-column__v-align flex-basis-100 align-self-lg-start align-self-md-start align-self-start\">\n                <!---->\n                <div data-colibri-id=\"85-c35\" class=\"h-text h-text-component style-348 style-local-85-c35 position-relative h-element\">\n                  <!---->\n                  <!---->\n                  <div class=\"\">\n                    <p>Informationen zum Besuch des Dokuzentrums finden Sie unter Gedenkst\u00e4tte\/\u00d6ffnungszeiten.\n                      <br>\n                    <\/p>\n                  <\/div>\n                <\/div>\n              <\/div>\n            <\/div>\n          <\/div>\n        <\/div>\n      <\/div>\n      <div data-colibri-id=\"85-c36\" class=\"h-row-container gutters-row-lg-3 gutters-row-md-3 gutters-row-0 gutters-row-v-lg-3 gutters-row-v-md-3 gutters-row-v-3 style-319 style-local-85-c36 position-relative\">\n        <!---->\n        <div class=\"h-row justify-content-lg-center justify-content-md-center justify-content-center align-items-lg-stretch align-items-md-stretch align-items-stretch gutters-col-lg-3 gutters-col-md-3 gutters-col-0 gutters-col-v-lg-3 gutters-col-v-md-3 gutters-col-v-3\">\n          <!---->\n          <div class=\"h-column h-column-container d-flex h-col-lg-auto h-col-md-auto h-col-auto style-320-outer style-local-85-c37-outer\">\n            <div data-colibri-id=\"85-c37\" class=\"d-flex h-flex-basis h-column__inner h-px-lg-2 h-px-md-2 h-px-2 v-inner-lg-2 v-inner-md-2 v-inner-2 style-320 style-local-85-c37 position-relative\">\n              <!---->\n              <!---->\n              <div class=\"w-100 h-y-container h-column__content h-column__v-align flex-basis-100 align-self-lg-start align-self-md-start align-self-start\">\n                <!---->\n                <div data-colibri-id=\"85-c38\" class=\"h-global-transition-all h-heading style-321 style-local-85-c38 position-relative h-element\">\n                  <!---->\n                  <div class=\"h-heading__outer style-321 style-local-85-c38\">\n                    <!---->\n                    <!---->\n                    <h4 class=\"\">BLOG-BEITR\u00c4GE<\/h4>\n                  <\/div>\n                <\/div>\n                <div data-colibri-id=\"85-c39\" class=\"h-text h-text-component style-322 style-local-85-c39 position-relative h-element\">\n                  <!---->\n                  <!---->\n                  <div class=\"\">\n                    <p>Die neuesten drei Posts (weitere unter \u201eVerein<span style=\"color: rgb(255, 255, 255); font-family: &quot;Open Sans&quot;; font-size: 16px; font-weight: 400;\">\u201c)<\/span><\/p>\n                  <\/div>\n                <\/div>\n              <\/div>\n            <\/div>\n          <\/div>\n        <\/div>\n      <\/div>\n      <div data-colibri-id=\"85-c17\" class=\"h-row-container gutters-row-lg-0 gutters-row-md-0 gutters-row-0 gutters-row-v-lg-0 gutters-row-v-md-0 gutters-row-v-0 style-303 style-local-85-c17 position-relative\">\n        <!---->\n        <div class=\"h-row justify-content-lg-center justify-content-md-center justify-content-center align-items-lg-stretch align-items-md-stretch align-items-stretch gutters-col-lg-0 gutters-col-md-0 gutters-col-0 gutters-col-v-lg-0 gutters-col-v-md-0 gutters-col-v-0\">\n          <!---->\n          <div class=\"h-column h-column-container d-flex h-col-lg-auto h-col-md-auto h-col-auto style-304-outer style-local-85-c18-outer\">\n            <div data-colibri-id=\"85-c18\" class=\"d-flex h-flex-basis h-column__inner h-px-lg-0 h-px-md-0 h-px-0 v-inner-lg-0 v-inner-md-0 v-inner-0 style-304 style-local-85-c18 position-relative\">\n              <!---->\n              <!---->\n              <div class=\"w-100 h-y-container h-column__content h-column__v-align flex-basis-100 align-self-lg-start align-self-md-start align-self-start\">\n                <!---->\n                <div data-colibri-id=\"85-c19\" class=\"h-row-container gutters-row-lg-1 gutters-row-md-1 gutters-row-0 gutters-row-v-lg-1 gutters-row-v-md-1 gutters-row-v-1 colibri-dynamic-list style-305 style-local-85-c19 position-relative\">\n                  <!---->\n                  <div data-colibri-component=\"masonry\" class=\"h-row justify-content-lg-start justify-content-md-start justify-content-start align-items-lg-stretch align-items-md-stretch align-items-stretch gutters-col-lg-1 gutters-col-md-1 gutters-col-0 gutters-col-v-lg-1 gutters-col-v-md-1 gutters-col-v-1 style-305-row style-local-85-c19-row\">\n                    <!---->\n        <div    class=\"h-column h-column-container d-flex h-col-lg-4 h-col-md-6 h-col-12 post-3183 post type-post status-publish format-standard has-post-thumbnail hentry category-blog category-termine category-veranstaltungen masonry-item style-306-outer style-local-85-c20-outer\"  ><div   data-colibri-id=\"85-c20\" class=\"d-flex h-flex-basis h-column__inner h-px-lg-2 h-px-md-2 h-px-2 v-inner-lg-2 v-inner-md-2 v-inner-2 style-306 style-local-85-c20 position-relative\"><!&#8212;-><!&#8212;-> <div  class=\"w-100 h-y-container h-column__content h-column__v-align flex-basis-100 align-self-lg-start align-self-md-start align-self-start\"><!&#8212;-> <div   data-href=\"https:\/\/kz-gedenkstaette-hailfingen-tailfingen.de\/index.php\/2026\/04\/10\/19-4-vernissage-das-kz-vor-der-haustuer-mit-dr-christian-bollacher\/\" data-colibri-component=\"link\"  data-colibri-id=\"85-c21\" class=\"colibri-post-thumbnail colibri-post-has-thumbnail colibri-post-thumbnail-has-placeholder style-307 style-local-85-c21 h-overflow-hidden position-relative h-element\"  ><!&#8212;-><div   class=\"h-global-transition-all style-dynamic-85-c21-height\">            <a href=\"https:\/\/kz-gedenkstaette-hailfingen-tailfingen.de\/index.php\/2026\/04\/10\/19-4-vernissage-das-kz-vor-der-haustuer-mit-dr-christian-bollacher\/\" title=\"19.4.\u201314.6. Ausstellung \u201eDas KZ vor der Haust\u00fcr\u201c, 19.4. Vernissage mit Dr. Christian Bollacher\">\n\t\t\t\t<img width=\"1200\" height=\"675\" src=\"https:\/\/kz-gedenkstaette-hailfingen-tailfingen.de\/wp-content\/uploads\/2026\/04\/Das_KZ_vor_der_Haustuer-wp.jpg\" class=\"attachment-post-thumbnail size-post-thumbnail wp-post-image\" alt=\"\" loading=\"lazy\" srcset=\"https:\/\/kz-gedenkstaette-hailfingen-tailfingen.de\/wp-content\/uploads\/2026\/04\/Das_KZ_vor_der_Haustuer-wp.jpg 1200w, https:\/\/kz-gedenkstaette-hailfingen-tailfingen.de\/wp-content\/uploads\/2026\/04\/Das_KZ_vor_der_Haustuer-wp-300x169.jpg 300w, https:\/\/kz-gedenkstaette-hailfingen-tailfingen.de\/wp-content\/uploads\/2026\/04\/Das_KZ_vor_der_Haustuer-wp-1024x576.jpg 1024w, https:\/\/kz-gedenkstaette-hailfingen-tailfingen.de\/wp-content\/uploads\/2026\/04\/Das_KZ_vor_der_Haustuer-wp-768x432.jpg 768w\" sizes=\"(max-width: 1200px) 100vw, 1200px\" \/>            <\/a>\n\t\t\t<\/div> <div  class=\"colibri-post-thumbnail-content align-items-lg-center align-items-md-center align-items-center flex-basis-100\"><div  class=\"w-100 h-y-container\"><!&#8212;-> <\/div><\/div><\/div><div   data-colibri-id=\"85-c22\" class=\"h-row-container gutters-row-lg-2 gutters-row-md-2 gutters-row-2 gutters-row-v-lg-2 gutters-row-v-md-2 gutters-row-v-2 style-308 style-local-85-c22 position-relative\"  ><!&#8212;-><div class=\"h-row justify-content-lg-center justify-content-md-center justify-content-center align-items-lg-stretch align-items-md-stretch align-items-stretch gutters-col-lg-2 gutters-col-md-2 gutters-col-2 gutters-col-v-lg-2 gutters-col-v-md-2 gutters-col-v-2\"><!&#8212;-> <div   class=\"h-column h-column-container d-flex h-col-lg h-col-md h-col-auto style-309-outer style-local-85-c23-outer\"  ><div  data-colibri-id=\"85-c23\" class=\"d-flex h-flex-basis h-column__inner h-px-lg-2 h-px-md-2 h-px-2 v-inner-lg-2 v-inner-md-2 v-inner-2 style-309 style-local-85-c23 position-relative\"><!&#8212;-><!&#8212;-> <div class=\"w-100 h-y-container h-column__content h-column__v-align flex-basis-100 align-self-lg-start align-self-md-start align-self-start\"><!&#8212;-> <div   data-colibri-id=\"85-c24\" class=\"h-blog-categories style-310 style-local-85-c24 position-relative h-element\"  ><!&#8212;-><div  class=\"h-global-transition-all\"><a class=\"d-inline-block colibri-post-category\" href=\"https:\/\/kz-gedenkstaette-hailfingen-tailfingen.de\/index.php\/category\/blog\/\">BLOG<\/a><a class=\"d-inline-block colibri-post-category\" href=\"https:\/\/kz-gedenkstaette-hailfingen-tailfingen.de\/index.php\/category\/termine\/\">TERMINE<\/a><a class=\"d-inline-block colibri-post-category\" href=\"https:\/\/kz-gedenkstaette-hailfingen-tailfingen.de\/index.php\/category\/veranstaltungen\/\">VERANSTALTUNGEN<\/a><\/div><\/div><div   data-colibri-id=\"85-c25\" class=\"h-blog-title style-311 style-local-85-c25 position-relative h-element\"  ><!&#8212;-><div  class=\"h-global-transition-all\"><a href=\"https:\/\/kz-gedenkstaette-hailfingen-tailfingen.de\/index.php\/2026\/04\/10\/19-4-vernissage-das-kz-vor-der-haustuer-mit-dr-christian-bollacher\/\"><h4 class=\"colibri-word-wrap\">19.4.\u201314.6. Ausstellung \u201eDas KZ vor der Haust\u00fcr\u201c, 19.4. Vernissage mit Dr. Christian Bollacher<\/h4><\/a><\/div><\/div><div   data-colibri-id=\"85-c26\" class=\"style-312 style-local-85-c26 position-relative h-element\"  ><!&#8212;-><div  class=\"h-global-transition-all\"><div class=\"colibri-post-excerpt\">Vom 19. April bis 14. Juni 2026&nbsp;ist im Dokumentationszentrum die Wanderausstellung \u201eDas KZ vor der Haust\u00fcr\u201c zu sehen. Die vom Landesamt f\u00fcr Denkmalpflege (LAD)&nbsp;entwickelte Ausstellung gibt Einblicke in den nationalsozialistischen Terror in Baden-W\u00fcrttemberg und beleuchtet [&hellip;]<\/div><\/div><\/div><\/div><\/div><\/div><\/div><\/div><div   data-colibri-id=\"85-c27\" class=\"h-row-container gutters-row-lg-2 gutters-row-md-2 gutters-row-2 gutters-row-v-lg-2 gutters-row-v-md-2 gutters-row-v-2 style-313 style-local-85-c27 position-relative\"  ><!&#8212;-><div class=\"h-row justify-content-lg-center justify-content-md-center justify-content-center align-items-lg-stretch align-items-md-stretch align-items-stretch gutters-col-lg-2 gutters-col-md-2 gutters-col-2 gutters-col-v-lg-2 gutters-col-v-md-2 gutters-col-v-2\"><!&#8212;-> <div   class=\"h-column h-column-container d-flex h-col-lg h-col-md h-col style-314-outer style-local-85-c28-outer\"  ><div  data-colibri-id=\"85-c28\" class=\"d-flex h-flex-basis h-column__inner h-px-lg-2 h-px-md-2 h-px-2 v-inner-lg-0 v-inner-md-0 v-inner-0 style-314 style-local-85-c28 position-relative\"><!&#8212;-><!&#8212;-> <div class=\"w-100 h-y-container h-column__content h-column__v-align flex-basis-100 align-self-lg-center align-self-md-center align-self-center\"><!&#8212;-> <div   data-colibri-id=\"85-c29\" class=\"h-blog-meta style-315 style-local-85-c29 position-relative h-element\"  ><!&#8212;-><div name=\"1\" class=\"metadata-item\"><span class=\"metadata-prefix\">by<\/span> <a href=\"https:\/\/kz-gedenkstaette-hailfingen-tailfingen.de\/index.php\/author\/nucker2\/\"><!&#8212;->Admin<\/a> <span class=\"meta-separator\"><\/span><\/div><div name=\"2\" class=\"metadata-item\"><span class=\"metadata-prefix\">on<\/span> <a href=\"https:\/\/kz-gedenkstaette-hailfingen-tailfingen.de\/index.php\/2026\/04\/10\/\"><!&#8212;->Apr. 10<\/a><\/div><!&#8212;-><!&#8212;-><\/div><\/div><\/div><\/div><div   class=\"h-column h-column-container d-flex h-col-lg-auto h-col-md-auto h-col-auto style-316-outer style-local-85-c30-outer\"  ><div  data-colibri-id=\"85-c30\" class=\"d-flex h-flex-basis h-column__inner h-px-lg-2 h-px-md-2 h-px-2 v-inner-lg-0 v-inner-md-0 v-inner-0 style-316 style-local-85-c30 position-relative\"><!&#8212;-><!&#8212;-> <div class=\"w-100 h-y-container h-column__content h-column__v-align flex-basis-auto align-self-lg-center align-self-md-center align-self-center\"><!&#8212;-> <div    data-colibri-id=\"85-c31\" class=\"h-x-container style-317 style-local-85-c31 position-relative h-element\"  ><!&#8212;-><div   class=\"h-x-container-inner style-dynamic-85-c31-group\"><!&#8212;-><span   class=\"h-button__outer style-318-outer style-local-85-c32-outer d-inline-flex h-element\"    ><a  h-use-smooth-scroll=\"true\" href=\"https:\/\/kz-gedenkstaette-hailfingen-tailfingen.de\/index.php\/2026\/04\/10\/19-4-vernissage-das-kz-vor-der-haustuer-mit-dr-christian-bollacher\/\"  data-colibri-id=\"85-c32\" class=\"d-flex w-100 align-items-center h-button justify-content-lg-center justify-content-md-center justify-content-center style-318 style-local-85-c32 position-relative\"><!&#8212;-><!&#8212;-> <span >Read more<\/span> <span  class=\"h-svg-icon h-button__icon style-318-icon style-local-85-c32-icon\"><!&#8211;Icon by Icons8 Line Awesome (https:\/\/icons8.com\/line-awesome)&#8211;><svg version=\"1.1\" xmlns=\"http:\/\/www.w3.org\/2000\/svg\" xmlns:xlink=\"http:\/\/www.w3.org\/1999\/xlink\" id=\"arrow-right\" viewBox=\"0 0 512 545.5\"><path d=\"M299.5 140.5l136 136 11 11.5-11 11.5-136 136-23-23L385 304H64v-32h321L276.5 163.5z\"><\/path><\/svg><\/span><\/a><\/span><\/div><\/div><\/div><\/div><\/div><\/div><\/div><\/div><\/div><\/div>\n      \n      \n        <div    class=\"h-column h-column-container d-flex h-col-lg-4 h-col-md-6 h-col-12 post-3179 post type-post status-publish format-standard has-post-thumbnail hentry category-blog category-veranstaltungen masonry-item style-306-outer style-local-85-c20-outer\"  ><div   data-colibri-id=\"85-c20\" class=\"d-flex h-flex-basis h-column__inner h-px-lg-2 h-px-md-2 h-px-2 v-inner-lg-2 v-inner-md-2 v-inner-2 style-306 style-local-85-c20 position-relative\"><!&#8212;-><!&#8212;-> <div  class=\"w-100 h-y-container h-column__content h-column__v-align flex-basis-100 align-self-lg-start align-self-md-start align-self-start\"><!&#8212;-> <div   data-href=\"https:\/\/kz-gedenkstaette-hailfingen-tailfingen.de\/index.php\/2026\/04\/10\/14-4-pflanzung-eines-haselstrauchs-am-massengrab\/\" data-colibri-component=\"link\"  data-colibri-id=\"85-c21\" class=\"colibri-post-thumbnail colibri-post-has-thumbnail colibri-post-thumbnail-has-placeholder style-307 style-local-85-c21 h-overflow-hidden position-relative h-element\"  ><!&#8212;-><div   class=\"h-global-transition-all style-dynamic-85-c21-height\">            <a href=\"https:\/\/kz-gedenkstaette-hailfingen-tailfingen.de\/index.php\/2026\/04\/10\/14-4-pflanzung-eines-haselstrauchs-am-massengrab\/\" title=\"14.4. Pflanzung eines Haselstrauchs am Massengrab\">\n\t\t\t\t<img width=\"1200\" height=\"675\" src=\"https:\/\/kz-gedenkstaette-hailfingen-tailfingen.de\/wp-content\/uploads\/2025\/06\/20250627_190656-Massengrab-wp.jpg\" class=\"attachment-post-thumbnail size-post-thumbnail wp-post-image\" alt=\"\" loading=\"lazy\" srcset=\"https:\/\/kz-gedenkstaette-hailfingen-tailfingen.de\/wp-content\/uploads\/2025\/06\/20250627_190656-Massengrab-wp.jpg 1200w, https:\/\/kz-gedenkstaette-hailfingen-tailfingen.de\/wp-content\/uploads\/2025\/06\/20250627_190656-Massengrab-wp-300x169.jpg 300w, https:\/\/kz-gedenkstaette-hailfingen-tailfingen.de\/wp-content\/uploads\/2025\/06\/20250627_190656-Massengrab-wp-1024x576.jpg 1024w, https:\/\/kz-gedenkstaette-hailfingen-tailfingen.de\/wp-content\/uploads\/2025\/06\/20250627_190656-Massengrab-wp-768x432.jpg 768w\" sizes=\"(max-width: 1200px) 100vw, 1200px\" \/>            <\/a>\n\t\t\t<\/div> <div  class=\"colibri-post-thumbnail-content align-items-lg-center align-items-md-center align-items-center flex-basis-100\"><div  class=\"w-100 h-y-container\"><!&#8212;-> <\/div><\/div><\/div><div   data-colibri-id=\"85-c22\" class=\"h-row-container gutters-row-lg-2 gutters-row-md-2 gutters-row-2 gutters-row-v-lg-2 gutters-row-v-md-2 gutters-row-v-2 style-308 style-local-85-c22 position-relative\"  ><!&#8212;-><div class=\"h-row justify-content-lg-center justify-content-md-center justify-content-center align-items-lg-stretch align-items-md-stretch align-items-stretch gutters-col-lg-2 gutters-col-md-2 gutters-col-2 gutters-col-v-lg-2 gutters-col-v-md-2 gutters-col-v-2\"><!&#8212;-> <div   class=\"h-column h-column-container d-flex h-col-lg h-col-md h-col-auto style-309-outer style-local-85-c23-outer\"  ><div  data-colibri-id=\"85-c23\" class=\"d-flex h-flex-basis h-column__inner h-px-lg-2 h-px-md-2 h-px-2 v-inner-lg-2 v-inner-md-2 v-inner-2 style-309 style-local-85-c23 position-relative\"><!&#8212;-><!&#8212;-> <div class=\"w-100 h-y-container h-column__content h-column__v-align flex-basis-100 align-self-lg-start align-self-md-start align-self-start\"><!&#8212;-> <div   data-colibri-id=\"85-c24\" class=\"h-blog-categories style-310 style-local-85-c24 position-relative h-element\"  ><!&#8212;-><div  class=\"h-global-transition-all\"><a class=\"d-inline-block colibri-post-category\" href=\"https:\/\/kz-gedenkstaette-hailfingen-tailfingen.de\/index.php\/category\/blog\/\">BLOG<\/a><a class=\"d-inline-block colibri-post-category\" href=\"https:\/\/kz-gedenkstaette-hailfingen-tailfingen.de\/index.php\/category\/veranstaltungen\/\">VERANSTALTUNGEN<\/a><\/div><\/div><div   data-colibri-id=\"85-c25\" class=\"h-blog-title style-311 style-local-85-c25 position-relative h-element\"  ><!&#8212;-><div  class=\"h-global-transition-all\"><a href=\"https:\/\/kz-gedenkstaette-hailfingen-tailfingen.de\/index.php\/2026\/04\/10\/14-4-pflanzung-eines-haselstrauchs-am-massengrab\/\"><h4 class=\"colibri-word-wrap\">14.4. Pflanzung eines Haselstrauchs am Massengrab<\/h4><\/a><\/div><\/div><div   data-colibri-id=\"85-c26\" class=\"style-312 style-local-85-c26 position-relative h-element\"  ><!&#8212;-><div  class=\"h-global-transition-all\"><div class=\"colibri-post-excerpt\">Am Dienstag wird von Sch\u00fclerinnen und Sch\u00fclern der Jerg-Ratgeb-Realschule Herrenberg, die sich an einem Kooperationsprojekt mit der KZ-Gedenkst\u00e4tte Hailfingen\/Tailfingen beteiligt haben, ein Haselnussstrauch gepflanzt. Am Ort des ehemaligen Massengrabs soll der im letzten Sommer (ebenfalls [&hellip;]<\/div><\/div><\/div><\/div><\/div><\/div><\/div><\/div><div   data-colibri-id=\"85-c27\" class=\"h-row-container gutters-row-lg-2 gutters-row-md-2 gutters-row-2 gutters-row-v-lg-2 gutters-row-v-md-2 gutters-row-v-2 style-313 style-local-85-c27 position-relative\"  ><!&#8212;-><div class=\"h-row justify-content-lg-center justify-content-md-center justify-content-center align-items-lg-stretch align-items-md-stretch align-items-stretch gutters-col-lg-2 gutters-col-md-2 gutters-col-2 gutters-col-v-lg-2 gutters-col-v-md-2 gutters-col-v-2\"><!&#8212;-> <div   class=\"h-column h-column-container d-flex h-col-lg h-col-md h-col style-314-outer style-local-85-c28-outer\"  ><div  data-colibri-id=\"85-c28\" class=\"d-flex h-flex-basis h-column__inner h-px-lg-2 h-px-md-2 h-px-2 v-inner-lg-0 v-inner-md-0 v-inner-0 style-314 style-local-85-c28 position-relative\"><!&#8212;-><!&#8212;-> <div class=\"w-100 h-y-container h-column__content h-column__v-align flex-basis-100 align-self-lg-center align-self-md-center align-self-center\"><!&#8212;-> <div   data-colibri-id=\"85-c29\" class=\"h-blog-meta style-315 style-local-85-c29 position-relative h-element\"  ><!&#8212;-><div name=\"1\" class=\"metadata-item\"><span class=\"metadata-prefix\">by<\/span> <a href=\"https:\/\/kz-gedenkstaette-hailfingen-tailfingen.de\/index.php\/author\/nucker2\/\"><!&#8212;->Admin<\/a> <span class=\"meta-separator\"><\/span><\/div><div name=\"2\" class=\"metadata-item\"><span class=\"metadata-prefix\">on<\/span> <a href=\"https:\/\/kz-gedenkstaette-hailfingen-tailfingen.de\/index.php\/2026\/04\/10\/\"><!&#8212;->Apr. 10<\/a><\/div><!&#8212;-><!&#8212;-><\/div><\/div><\/div><\/div><div   class=\"h-column h-column-container d-flex h-col-lg-auto h-col-md-auto h-col-auto style-316-outer style-local-85-c30-outer\"  ><div  data-colibri-id=\"85-c30\" class=\"d-flex h-flex-basis h-column__inner h-px-lg-2 h-px-md-2 h-px-2 v-inner-lg-0 v-inner-md-0 v-inner-0 style-316 style-local-85-c30 position-relative\"><!&#8212;-><!&#8212;-> <div class=\"w-100 h-y-container h-column__content h-column__v-align flex-basis-auto align-self-lg-center align-self-md-center align-self-center\"><!&#8212;-> <div    data-colibri-id=\"85-c31\" class=\"h-x-container style-317 style-local-85-c31 position-relative h-element\"  ><!&#8212;-><div   class=\"h-x-container-inner style-dynamic-85-c31-group\"><!&#8212;-><span   class=\"h-button__outer style-318-outer style-local-85-c32-outer d-inline-flex h-element\"    ><a  h-use-smooth-scroll=\"true\" href=\"https:\/\/kz-gedenkstaette-hailfingen-tailfingen.de\/index.php\/2026\/04\/10\/14-4-pflanzung-eines-haselstrauchs-am-massengrab\/\"  data-colibri-id=\"85-c32\" class=\"d-flex w-100 align-items-center h-button justify-content-lg-center justify-content-md-center justify-content-center style-318 style-local-85-c32 position-relative\"><!&#8212;-><!&#8212;-> <span >Read more<\/span> <span  class=\"h-svg-icon h-button__icon style-318-icon style-local-85-c32-icon\"><!&#8211;Icon by Icons8 Line Awesome (https:\/\/icons8.com\/line-awesome)&#8211;><svg version=\"1.1\" xmlns=\"http:\/\/www.w3.org\/2000\/svg\" xmlns:xlink=\"http:\/\/www.w3.org\/1999\/xlink\" id=\"arrow-right\" viewBox=\"0 0 512 545.5\"><path d=\"M299.5 140.5l136 136 11 11.5-11 11.5-136 136-23-23L385 304H64v-32h321L276.5 163.5z\"><\/path><\/svg><\/span><\/a><\/span><\/div><\/div><\/div><\/div><\/div><\/div><\/div><\/div><\/div><\/div>\n      \n      \n        <div    class=\"h-column h-column-container d-flex h-col-lg-4 h-col-md-6 h-col-12 post-3153 post type-post status-publish format-standard has-post-thumbnail hentry category-blog category-veranstaltungen masonry-item style-306-outer style-local-85-c20-outer\"  ><div   data-colibri-id=\"85-c20\" class=\"d-flex h-flex-basis h-column__inner h-px-lg-2 h-px-md-2 h-px-2 v-inner-lg-2 v-inner-md-2 v-inner-2 style-306 style-local-85-c20 position-relative\"><!&#8212;-><!&#8212;-> <div  class=\"w-100 h-y-container h-column__content h-column__v-align flex-basis-100 align-self-lg-start align-self-md-start align-self-start\"><!&#8212;-> <div   data-href=\"https:\/\/kz-gedenkstaette-hailfingen-tailfingen.de\/index.php\/2026\/02\/20\/2-3-joelle-lewitan\/\" data-colibri-component=\"link\"  data-colibri-id=\"85-c21\" class=\"colibri-post-thumbnail colibri-post-has-thumbnail colibri-post-thumbnail-has-placeholder style-307 style-local-85-c21 h-overflow-hidden position-relative h-element\"  ><!&#8212;-><div   class=\"h-global-transition-all style-dynamic-85-c21-height\">            <a href=\"https:\/\/kz-gedenkstaette-hailfingen-tailfingen.de\/index.php\/2026\/02\/20\/2-3-joelle-lewitan\/\" title=\"2.3. Einblicke in junges j\u00fcdisches Leben \u2013 Im Gespr\u00e4ch mit Jo\u00eblle Lewitan\">\n\t\t\t\t<img width=\"1200\" height=\"675\" src=\"https:\/\/kz-gedenkstaette-hailfingen-tailfingen.de\/wp-content\/uploads\/2026\/02\/Bild_junges-juedisches-Leben-Joelle-Lewitan-wp.jpg\" class=\"attachment-post-thumbnail size-post-thumbnail wp-post-image\" alt=\"\" loading=\"lazy\" srcset=\"https:\/\/kz-gedenkstaette-hailfingen-tailfingen.de\/wp-content\/uploads\/2026\/02\/Bild_junges-juedisches-Leben-Joelle-Lewitan-wp.jpg 1200w, https:\/\/kz-gedenkstaette-hailfingen-tailfingen.de\/wp-content\/uploads\/2026\/02\/Bild_junges-juedisches-Leben-Joelle-Lewitan-wp-300x169.jpg 300w, https:\/\/kz-gedenkstaette-hailfingen-tailfingen.de\/wp-content\/uploads\/2026\/02\/Bild_junges-juedisches-Leben-Joelle-Lewitan-wp-1024x576.jpg 1024w, https:\/\/kz-gedenkstaette-hailfingen-tailfingen.de\/wp-content\/uploads\/2026\/02\/Bild_junges-juedisches-Leben-Joelle-Lewitan-wp-768x432.jpg 768w\" sizes=\"(max-width: 1200px) 100vw, 1200px\" \/>            <\/a>\n\t\t\t<\/div> <div  class=\"colibri-post-thumbnail-content align-items-lg-center align-items-md-center align-items-center flex-basis-100\"><div  class=\"w-100 h-y-container\"><!&#8212;-> <\/div><\/div><\/div><div   data-colibri-id=\"85-c22\" class=\"h-row-container gutters-row-lg-2 gutters-row-md-2 gutters-row-2 gutters-row-v-lg-2 gutters-row-v-md-2 gutters-row-v-2 style-308 style-local-85-c22 position-relative\"  ><!&#8212;-><div class=\"h-row justify-content-lg-center justify-content-md-center justify-content-center align-items-lg-stretch align-items-md-stretch align-items-stretch gutters-col-lg-2 gutters-col-md-2 gutters-col-2 gutters-col-v-lg-2 gutters-col-v-md-2 gutters-col-v-2\"><!&#8212;-> <div   class=\"h-column h-column-container d-flex h-col-lg h-col-md h-col-auto style-309-outer style-local-85-c23-outer\"  ><div  data-colibri-id=\"85-c23\" class=\"d-flex h-flex-basis h-column__inner h-px-lg-2 h-px-md-2 h-px-2 v-inner-lg-2 v-inner-md-2 v-inner-2 style-309 style-local-85-c23 position-relative\"><!&#8212;-><!&#8212;-> <div class=\"w-100 h-y-container h-column__content h-column__v-align flex-basis-100 align-self-lg-start align-self-md-start align-self-start\"><!&#8212;-> <div   data-colibri-id=\"85-c24\" class=\"h-blog-categories style-310 style-local-85-c24 position-relative h-element\"  ><!&#8212;-><div  class=\"h-global-transition-all\"><a class=\"d-inline-block colibri-post-category\" href=\"https:\/\/kz-gedenkstaette-hailfingen-tailfingen.de\/index.php\/category\/blog\/\">BLOG<\/a><a class=\"d-inline-block colibri-post-category\" href=\"https:\/\/kz-gedenkstaette-hailfingen-tailfingen.de\/index.php\/category\/veranstaltungen\/\">VERANSTALTUNGEN<\/a><\/div><\/div><div   data-colibri-id=\"85-c25\" class=\"h-blog-title style-311 style-local-85-c25 position-relative h-element\"  ><!&#8212;-><div  class=\"h-global-transition-all\"><a href=\"https:\/\/kz-gedenkstaette-hailfingen-tailfingen.de\/index.php\/2026\/02\/20\/2-3-joelle-lewitan\/\"><h4 class=\"colibri-word-wrap\">2.3. Einblicke in junges j\u00fcdisches Leben \u2013 Im Gespr\u00e4ch mit Jo\u00eblle Lewitan<\/h4><\/a><\/div><\/div><div   data-colibri-id=\"85-c26\" class=\"style-312 style-local-85-c26 position-relative h-element\"  ><!&#8212;-><div  class=\"h-global-transition-all\"><div class=\"colibri-post-excerpt\">In diesem Vortrag verbindet die Rednerin ihre pers\u00f6nliche Familiengeschichte mit der politischen Realit\u00e4t der Gegenwart. Als Enkelin von Shoah-\u00dcberlebenden spricht sie \u00fcber j\u00fcdisches Leben in Deutschland heute, \u00fcber generations\u00fcbergreifende \u00c4ngste, Sichtbarkeit j\u00fcdischen Lebens und die [&hellip;]<\/div><\/div><\/div><\/div><\/div><\/div><\/div><\/div><div   data-colibri-id=\"85-c27\" class=\"h-row-container gutters-row-lg-2 gutters-row-md-2 gutters-row-2 gutters-row-v-lg-2 gutters-row-v-md-2 gutters-row-v-2 style-313 style-local-85-c27 position-relative\"  ><!&#8212;-><div class=\"h-row justify-content-lg-center justify-content-md-center justify-content-center align-items-lg-stretch align-items-md-stretch align-items-stretch gutters-col-lg-2 gutters-col-md-2 gutters-col-2 gutters-col-v-lg-2 gutters-col-v-md-2 gutters-col-v-2\"><!&#8212;-> <div   class=\"h-column h-column-container d-flex h-col-lg h-col-md h-col style-314-outer style-local-85-c28-outer\"  ><div  data-colibri-id=\"85-c28\" class=\"d-flex h-flex-basis h-column__inner h-px-lg-2 h-px-md-2 h-px-2 v-inner-lg-0 v-inner-md-0 v-inner-0 style-314 style-local-85-c28 position-relative\"><!&#8212;-><!&#8212;-> <div class=\"w-100 h-y-container h-column__content h-column__v-align flex-basis-100 align-self-lg-center align-self-md-center align-self-center\"><!&#8212;-> <div   data-colibri-id=\"85-c29\" class=\"h-blog-meta style-315 style-local-85-c29 position-relative h-element\"  ><!&#8212;-><div name=\"1\" class=\"metadata-item\"><span class=\"metadata-prefix\">by<\/span> <a href=\"https:\/\/kz-gedenkstaette-hailfingen-tailfingen.de\/index.php\/author\/nucker2\/\"><!&#8212;->Admin<\/a> <span class=\"meta-separator\"><\/span><\/div><div name=\"2\" class=\"metadata-item\"><span class=\"metadata-prefix\">on<\/span> <a href=\"https:\/\/kz-gedenkstaette-hailfingen-tailfingen.de\/index.php\/2026\/02\/20\/\"><!&#8212;->Feb. 20<\/a><\/div><!&#8212;-><!&#8212;-><\/div><\/div><\/div><\/div><div   class=\"h-column h-column-container d-flex h-col-lg-auto h-col-md-auto h-col-auto style-316-outer style-local-85-c30-outer\"  ><div  data-colibri-id=\"85-c30\" class=\"d-flex h-flex-basis h-column__inner h-px-lg-2 h-px-md-2 h-px-2 v-inner-lg-0 v-inner-md-0 v-inner-0 style-316 style-local-85-c30 position-relative\"><!&#8212;-><!&#8212;-> <div class=\"w-100 h-y-container h-column__content h-column__v-align flex-basis-auto align-self-lg-center align-self-md-center align-self-center\"><!&#8212;-> <div    data-colibri-id=\"85-c31\" class=\"h-x-container style-317 style-local-85-c31 position-relative h-element\"  ><!&#8212;-><div   class=\"h-x-container-inner style-dynamic-85-c31-group\"><!&#8212;-><span   class=\"h-button__outer style-318-outer style-local-85-c32-outer d-inline-flex h-element\"    ><a  h-use-smooth-scroll=\"true\" href=\"https:\/\/kz-gedenkstaette-hailfingen-tailfingen.de\/index.php\/2026\/02\/20\/2-3-joelle-lewitan\/\"  data-colibri-id=\"85-c32\" class=\"d-flex w-100 align-items-center h-button justify-content-lg-center justify-content-md-center justify-content-center style-318 style-local-85-c32 position-relative\"><!&#8212;-><!&#8212;-> <span >Read more<\/span> <span  class=\"h-svg-icon h-button__icon style-318-icon style-local-85-c32-icon\"><!&#8211;Icon by Icons8 Line Awesome (https:\/\/icons8.com\/line-awesome)&#8211;><svg version=\"1.1\" xmlns=\"http:\/\/www.w3.org\/2000\/svg\" xmlns:xlink=\"http:\/\/www.w3.org\/1999\/xlink\" id=\"arrow-right\" viewBox=\"0 0 512 545.5\"><path d=\"M299.5 140.5l136 136 11 11.5-11 11.5-136 136-23-23L385 304H64v-32h321L276.5 163.5z\"><\/path><\/svg><\/span><\/a><\/span><\/div><\/div><\/div><\/div><\/div><\/div><\/div><\/div><\/div><\/div>\n      \n      \n                    <\/div>\n                <\/div>\n              <\/div>\n            <\/div>\n          <\/div>\n        <\/div>\n      <\/div>\n    <\/div>\n  <\/div>\n  <div data-colibri-component=\"section\" data-colibri-id=\"85-c40\" id=\"custom-2\" class=\"h-section h-section-global-spacing d-flex align-items-lg-center align-items-md-center align-items-center style-388 style-local-85-c40 position-relative\">\n    <!---->\n    <!---->\n    <div class=\"h-section-grid-container h-section-boxed-container\">\n      <!---->\n      <div data-colibri-id=\"85-c41\" class=\"h-row-container gutters-row-lg-2 gutters-row-md-2 gutters-row-0 gutters-row-v-lg-2 gutters-row-v-md-2 gutters-row-v-2 style-389 style-local-85-c41 position-relative\">\n        <!---->\n        <div class=\"h-row justify-content-lg-center justify-content-md-center justify-content-center align-items-lg-stretch align-items-md-stretch align-items-stretch gutters-col-lg-2 gutters-col-md-2 gutters-col-0 gutters-col-v-lg-2 gutters-col-v-md-2 gutters-col-v-2\">\n          <!---->\n          <div class=\"h-column h-column-container d-flex h-col-lg-auto h-col-md-auto h-col-auto style-390-outer style-local-85-c42-outer\">\n            <div data-colibri-id=\"85-c42\" class=\"d-flex h-flex-basis h-column__inner h-ui-empty-state-container h-px-lg-2 h-px-md-2 h-px-2 v-inner-lg-2 v-inner-md-2 v-inner-2 style-390 style-local-85-c42 position-relative\">\n              <!---->\n              <!---->\n              <div class=\"w-100 h-y-container h-column__content h-column__v-align flex-basis-100\">\n                <!---->\n              <\/div>\n            <\/div>\n          <\/div>\n        <\/div>\n      <\/div>\n    <\/div>\n  <\/div>\n<\/div>","protected":false},"excerpt":{"rendered":"<p>ORTE DER ERINNERUNG&nbsp; Mahnmal, Denk-Pfeiler, Skulpturenpfad, Friedhof &#8230; DOKUMENTATIONS-ZENTRUM Ort der Information \u2013 Dokuraum und Seminarraum JUGEND ERINNERT F\u00fcr eine humane Zukunft JEDER MENSCH HAT EINEN NAMEN H\u00e4ftlinge \u2013 Biografien, Dokumente, Begegnungen Informationen zum Besuch [&hellip;]<\/p>\n","protected":false},"author":1,"featured_media":0,"parent":0,"menu_order":0,"comment_status":"closed","ping_status":"closed","template":"page-templates\/homepage.php","meta":[],"_links":{"self":[{"href":"https:\/\/kz-gedenkstaette-hailfingen-tailfingen.de\/index.php\/wp-json\/wp\/v2\/pages\/85"}],"collection":[{"href":"https:\/\/kz-gedenkstaette-hailfingen-tailfingen.de\/index.php\/wp-json\/wp\/v2\/pages"}],"about":[{"href":"https:\/\/kz-gedenkstaette-hailfingen-tailfingen.de\/index.php\/wp-json\/wp\/v2\/types\/page"}],"author":[{"embeddable":true,"href":"https:\/\/kz-gedenkstaette-hailfingen-tailfingen.de\/index.php\/wp-json\/wp\/v2\/users\/1"}],"replies":[{"embeddable":true,"href":"https:\/\/kz-gedenkstaette-hailfingen-tailfingen.de\/index.php\/wp-json\/wp\/v2\/comments?post=85"}],"version-history":[{"count":20,"href":"https:\/\/kz-gedenkstaette-hailfingen-tailfingen.de\/index.php\/wp-json\/wp\/v2\/pages\/85\/revisions"}],"predecessor-version":[{"id":3167,"href":"https:\/\/kz-gedenkstaette-hailfingen-tailfingen.de\/index.php\/wp-json\/wp\/v2\/pages\/85\/revisions\/3167"}],"wp:attachment":[{"href":"https:\/\/kz-gedenkstaette-hailfingen-tailfingen.de\/index.php\/wp-json\/wp\/v2\/media?parent=85"}],"curies":[{"name":"wp","href":"https:\/\/api.w.org\/{rel}","templated":true}]}}