{"id":297,"date":"2020-11-03T13:13:56","date_gmt":"2020-11-03T13:13:56","guid":{"rendered":"https:\/\/kz-gedenkstaette-hailfingen-tailfingen.de\/?page_id=297"},"modified":"2021-06-11T15:22:00","modified_gmt":"2021-06-11T15:22:00","slug":"orte-der-erinnerung","status":"publish","type":"page","link":"https:\/\/kz-gedenkstaette-hailfingen-tailfingen.de\/index.php\/orte-der-erinnerung\/","title":{"rendered":"ORTE DER ERINNERUNG"},"content":{"rendered":"\n<div class=\"wp-block-image\"><figure class=\"aligncenter size-large\"><a href=\"https:\/\/kz-gedenkstaette-hailfingen-tailfingen.de\/index.php\/mahnmal\/\"><img loading=\"lazy\" width=\"180\" height=\"180\" src=\"https:\/\/kz-gedenkstaette-hailfingen-tailfingen.de\/wp-content\/uploads\/2021\/01\/IMG_0837-fuer-Wordpress-kl.jpg\" alt=\"\" class=\"wp-image-799\" srcset=\"https:\/\/kz-gedenkstaette-hailfingen-tailfingen.de\/wp-content\/uploads\/2021\/01\/IMG_0837-fuer-Wordpress-kl.jpg 180w, https:\/\/kz-gedenkstaette-hailfingen-tailfingen.de\/wp-content\/uploads\/2021\/01\/IMG_0837-fuer-Wordpress-kl-150x150.jpg 150w\" sizes=\"(max-width: 180px) 100vw, 180px\" \/><\/a><\/figure><\/div>\n\n\n\n<p class=\"has-text-align-center\">Mahnmal f\u00fcr die 601 j\u00fcdischen KZ-H\u00e4ftlinge<\/p>\n\n\n\n<div class=\"wp-block-image\"><figure class=\"aligncenter size-large\"><a href=\"https:\/\/kz-gedenkstaette-hailfingen-tailfingen.de\/index.php\/dokumentationszentrum\/\"><img loading=\"lazy\" width=\"180\" height=\"180\" src=\"https:\/\/kz-gedenkstaette-hailfingen-tailfingen.de\/wp-content\/uploads\/2021\/01\/Rathaus-Montage-cut-kl.jpg\" alt=\"\" class=\"wp-image-812\" srcset=\"https:\/\/kz-gedenkstaette-hailfingen-tailfingen.de\/wp-content\/uploads\/2021\/01\/Rathaus-Montage-cut-kl.jpg 180w, https:\/\/kz-gedenkstaette-hailfingen-tailfingen.de\/wp-content\/uploads\/2021\/01\/Rathaus-Montage-cut-kl-150x150.jpg 150w\" sizes=\"(max-width: 180px) 100vw, 180px\" \/><\/a><\/figure><\/div>\n\n\n\n<p class=\"has-text-align-center\">Dokumentationszentrum<\/p>\n\n\n\n<div class=\"wp-block-image\"><figure class=\"aligncenter size-large\"><a href=\"https:\/\/kz-gedenkstaette-hailfingen-tailfingen.de\/index.php\/denk-pfeiler\/\"><img loading=\"lazy\" width=\"180\" height=\"180\" src=\"https:\/\/kz-gedenkstaette-hailfingen-tailfingen.de\/wp-content\/uploads\/2021\/01\/IMG_0989-fuer-Wordpress-kl.jpg\" alt=\"\" class=\"wp-image-800\" srcset=\"https:\/\/kz-gedenkstaette-hailfingen-tailfingen.de\/wp-content\/uploads\/2021\/01\/IMG_0989-fuer-Wordpress-kl.jpg 180w, https:\/\/kz-gedenkstaette-hailfingen-tailfingen.de\/wp-content\/uploads\/2021\/01\/IMG_0989-fuer-Wordpress-kl-150x150.jpg 150w\" sizes=\"(max-width: 180px) 100vw, 180px\" \/><\/a><\/figure><\/div>\n\n\n\n<p class=\"has-text-align-center\">Denk-Pfeiler \u2013 Gedenkort f\u00fcr die Kriegsgefangenen und Zwangsarbeiter<\/p>\n\n\n\n<div class=\"wp-block-image\"><figure class=\"aligncenter size-large\"><a href=\"https:\/\/kz-gedenkstaette-hailfingen-tailfingen.de\/index.php\/skulpturenpfad-und-weg-zeichen\/\"><img loading=\"lazy\" width=\"180\" height=\"180\" src=\"https:\/\/kz-gedenkstaette-hailfingen-tailfingen.de\/wp-content\/uploads\/2021\/01\/IMG_3792-kl.jpg\" alt=\"\" class=\"wp-image-802\" srcset=\"https:\/\/kz-gedenkstaette-hailfingen-tailfingen.de\/wp-content\/uploads\/2021\/01\/IMG_3792-kl.jpg 180w, https:\/\/kz-gedenkstaette-hailfingen-tailfingen.de\/wp-content\/uploads\/2021\/01\/IMG_3792-kl-150x150.jpg 150w\" sizes=\"(max-width: 180px) 100vw, 180px\" \/><\/a><\/figure><\/div>\n\n\n\n<p class=\"has-text-align-center\">Skulpturenpfad und \u201eWeg-Zeichen\u201c<\/p>\n\n\n\n<div class=\"wp-block-image\"><figure class=\"aligncenter size-large\"><a href=\"https:\/\/kz-gedenkstaette-hailfingen-tailfingen.de\/index.php\/ehemaliges-massengrab\/\"><img loading=\"lazy\" width=\"180\" height=\"180\" src=\"https:\/\/kz-gedenkstaette-hailfingen-tailfingen.de\/wp-content\/uploads\/2021\/01\/IMG_0764-Wordpress-Massengrab-kl-2.jpg\" alt=\"\" class=\"wp-image-803\" srcset=\"https:\/\/kz-gedenkstaette-hailfingen-tailfingen.de\/wp-content\/uploads\/2021\/01\/IMG_0764-Wordpress-Massengrab-kl-2.jpg 180w, https:\/\/kz-gedenkstaette-hailfingen-tailfingen.de\/wp-content\/uploads\/2021\/01\/IMG_0764-Wordpress-Massengrab-kl-2-150x150.jpg 150w\" sizes=\"(max-width: 180px) 100vw, 180px\" \/><\/a><\/figure><\/div>\n\n\n\n<p class=\"has-text-align-center\">Ehemaliges Massengrab<\/p>\n\n\n\n<div class=\"wp-block-image\"><figure class=\"aligncenter size-large\"><a href=\"https:\/\/kz-gedenkstaette-hailfingen-tailfingen.de\/index.php\/friedhof-tailfingen\/\"><img loading=\"lazy\" width=\"180\" height=\"180\" src=\"https:\/\/kz-gedenkstaette-hailfingen-tailfingen.de\/wp-content\/uploads\/2021\/01\/IMG_2776-fuer-Wordpress-kl.jpg\" alt=\"\" class=\"wp-image-804\" srcset=\"https:\/\/kz-gedenkstaette-hailfingen-tailfingen.de\/wp-content\/uploads\/2021\/01\/IMG_2776-fuer-Wordpress-kl.jpg 180w, https:\/\/kz-gedenkstaette-hailfingen-tailfingen.de\/wp-content\/uploads\/2021\/01\/IMG_2776-fuer-Wordpress-kl-150x150.jpg 150w\" sizes=\"(max-width: 180px) 100vw, 180px\" \/><\/a><\/figure><\/div>\n\n\n\n<p class=\"has-text-align-center\">Friedhof Tailfingen \u2013 Grab von 75 der KZ-H\u00e4ftlinge<\/p>\n\n\n\n<div class=\"wp-block-image\"><figure class=\"aligncenter size-large\"><a href=\"https:\/\/kz-gedenkstaette-hailfingen-tailfingen.de\/index.php\/friedhof-unter-den-linden-reutlingen\/\"><img loading=\"lazy\" width=\"180\" height=\"180\" src=\"https:\/\/kz-gedenkstaette-hailfingen-tailfingen.de\/wp-content\/uploads\/2021\/01\/vlcsnap-2021-01-23-20h47m29s31-b2-kl-1.jpg\" alt=\"\" class=\"wp-image-809\" srcset=\"https:\/\/kz-gedenkstaette-hailfingen-tailfingen.de\/wp-content\/uploads\/2021\/01\/vlcsnap-2021-01-23-20h47m29s31-b2-kl-1.jpg 180w, https:\/\/kz-gedenkstaette-hailfingen-tailfingen.de\/wp-content\/uploads\/2021\/01\/vlcsnap-2021-01-23-20h47m29s31-b2-kl-1-150x150.jpg 150w\" sizes=\"(max-width: 180px) 100vw, 180px\" \/><\/a><\/figure><\/div>\n\n\n\n<p class=\"has-text-align-center\">Friedhof Unter den Linden Reutlingen \u2013 Grab von 99 der KZ-H\u00e4ftlinge<\/p>\n\n\n\n<div class=\"wp-block-image\"><figure class=\"aligncenter size-large\"><a href=\"https:\/\/kz-gedenkstaette-hailfingen-tailfingen.de\/index.php\/ebershaldenfriedhof-esslingen\/\"><img loading=\"lazy\" width=\"180\" height=\"180\" src=\"https:\/\/kz-gedenkstaette-hailfingen-tailfingen.de\/wp-content\/uploads\/2021\/01\/vlcsnap-2021-01-23-20h55m16s77-b-kl.jpg\" alt=\"\" class=\"wp-image-806\" srcset=\"https:\/\/kz-gedenkstaette-hailfingen-tailfingen.de\/wp-content\/uploads\/2021\/01\/vlcsnap-2021-01-23-20h55m16s77-b-kl.jpg 180w, https:\/\/kz-gedenkstaette-hailfingen-tailfingen.de\/wp-content\/uploads\/2021\/01\/vlcsnap-2021-01-23-20h55m16s77-b-kl-150x150.jpg 150w\" sizes=\"(max-width: 180px) 100vw, 180px\" \/><\/a><\/figure><\/div>\n\n\n\n<p class=\"has-text-align-center\">Ebershaldenfriedhof Esslingen \u2013 Grab von 15 der KZ-H\u00e4ftlinge<\/p>\n\n\n\n<div class=\"wp-block-image\"><figure class=\"aligncenter size-large\"><img loading=\"lazy\" width=\"180\" height=\"180\" src=\"https:\/\/kz-gedenkstaette-hailfingen-tailfingen.de\/wp-content\/uploads\/2021\/01\/IMG_6791-kl.jpg\" alt=\"\" class=\"wp-image-811\" srcset=\"https:\/\/kz-gedenkstaette-hailfingen-tailfingen.de\/wp-content\/uploads\/2021\/01\/IMG_6791-kl.jpg 180w, https:\/\/kz-gedenkstaette-hailfingen-tailfingen.de\/wp-content\/uploads\/2021\/01\/IMG_6791-kl-150x150.jpg 150w\" sizes=\"(max-width: 180px) 100vw, 180px\" \/><\/figure><\/div>\n\n\n\n<p class=\"has-text-align-center\">Friedhof Hailfingen \u2013 Gr\u00e4ber von 3 Zwangsarbeitern<\/p>\n","protected":false},"excerpt":{"rendered":"<p>Mahnmal f\u00fcr die 601 j\u00fcdischen KZ-H\u00e4ftlinge Dokumentationszentrum Denk-Pfeiler \u2013 Gedenkort f\u00fcr die Kriegsgefangenen und Zwangsarbeiter Skulpturenpfad und \u201eWeg-Zeichen\u201c Ehemaliges Massengrab Friedhof Tailfingen \u2013 Grab von 75 der KZ-H\u00e4ftlinge Friedhof Unter den Linden Reutlingen \u2013 Grab von 99 der KZ-H\u00e4ftlinge Ebershaldenfriedhof Esslingen \u2013 Grab von 15 der KZ-H\u00e4ftlinge Friedhof Hailfingen \u2013 Gr\u00e4ber von 3 Zwangsarbeitern<\/p>\n","protected":false},"author":1,"featured_media":0,"parent":0,"menu_order":0,"comment_status":"closed","ping_status":"closed","template":"","meta":[],"_links":{"self":[{"href":"https:\/\/kz-gedenkstaette-hailfingen-tailfingen.de\/index.php\/wp-json\/wp\/v2\/pages\/297"}],"collection":[{"href":"https:\/\/kz-gedenkstaette-hailfingen-tailfingen.de\/index.php\/wp-json\/wp\/v2\/pages"}],"about":[{"href":"https:\/\/kz-gedenkstaette-hailfingen-tailfingen.de\/index.php\/wp-json\/wp\/v2\/types\/page"}],"author":[{"embeddable":true,"href":"https:\/\/kz-gedenkstaette-hailfingen-tailfingen.de\/index.php\/wp-json\/wp\/v2\/users\/1"}],"replies":[{"embeddable":true,"href":"https:\/\/kz-gedenkstaette-hailfingen-tailfingen.de\/index.php\/wp-json\/wp\/v2\/comments?post=297"}],"version-history":[{"count":17,"href":"https:\/\/kz-gedenkstaette-hailfingen-tailfingen.de\/index.php\/wp-json\/wp\/v2\/pages\/297\/revisions"}],"predecessor-version":[{"id":1192,"href":"https:\/\/kz-gedenkstaette-hailfingen-tailfingen.de\/index.php\/wp-json\/wp\/v2\/pages\/297\/revisions\/1192"}],"wp:attachment":[{"href":"https:\/\/kz-gedenkstaette-hailfingen-tailfingen.de\/index.php\/wp-json\/wp\/v2\/media?parent=297"}],"curies":[{"name":"wp","href":"https:\/\/api.w.org\/{rel}","templated":true}]}}